{"id":30336,"date":"2022-10-04T06:48:37","date_gmt":"2022-10-04T06:48:37","guid":{"rendered":"https:\/\/trendfurniture.ee\/?post_type=product&#038;p=30336"},"modified":"2026-02-09T09:42:13","modified_gmt":"2026-02-09T09:42:13","slug":"kasitsi-kootud-laimiroheline-viskoosvaip-jane","status":"publish","type":"product","link":"https:\/\/trendfurniture.ee\/en\/product\/kasitsi-kootud-laimiroheline-viskoosvaip-jane\/","title":{"rendered":"K\u00e4sitsi kootud laimiroheline viskoosvaip Jane"},"content":{"rendered":"","protected":false},"excerpt":{"rendered":"<p>\u00dcksikasjad<br \/>\nJane on s\u00e4delev vaip, mis kohandub igas keskkonnas: t\u00f5eline klassika! K\u00f5ikides v\u00e4rvides ja k\u00f5ikides tubades glam-stiilis s\u00f6\u00f6gitoast kaasaegse elutoani ja ka hubases magamistoas<\/p>\n<p>&#8211; K\u00e4sitsi kootud l\u00fchikese karvaga vaip<br \/>\n&#8211; \u00d5rnalt s\u00e4delev ja sillerdav karv<br \/>\n&#8211; Sertifitseeritud vastavalt \u00d6ko-Tex Standard 100, klass 1<\/p>\n<p>V\u00e4rv<br \/>\nLaimiroheline<\/p>\n<p>Pange t\u00e4hele, et viskoosvaibad v\u00f5ivad olenevalt valguse langemisest ja kuhja suunast tunduda heledamad v\u00f5i tumedamad.<\/p>\n<p>M\u00f5\u00f5dud:<br \/>\nLaius 160 cm<br \/>\nPikkus 230 cm<br \/>\nK\u00f5rgus 1 cm<\/p>\n<p>Materjal<br \/>\nKuhi: 100% viskoos<br \/>\nSeljaosa: 100% puuvill<\/p>\n<p>Sobib p\u00f5randak\u00fcttele<br \/>\nJep<\/p>\n<p>Juhised<br \/>\nP\u00fchkige v\u00e4iksemad plekid nii kiiresti kui v\u00f5imalik niiske lapiga. V\u00e4ltige n\u00fchkimist, et plekk ei imbuks s\u00fcgavamale kangasse<\/p>","protected":false},"featured_media":30337,"template":"","meta":{"_acf_changed":false},"product_brand":[],"product_cat":[96],"product_tag":[],"class_list":{"0":"post-30336","1":"product","2":"type-product","3":"status-publish","4":"has-post-thumbnail","6":"product_cat-vaibad","8":"first","9":"instock","10":"sale","11":"shipping-taxable","12":"purchasable","13":"product-type-simple"},"acf":[],"_links":{"self":[{"href":"https:\/\/trendfurniture.ee\/en\/wp-json\/wp\/v2\/product\/30336","targetHints":{"allow":["GET"]}}],"collection":[{"href":"https:\/\/trendfurniture.ee\/en\/wp-json\/wp\/v2\/product"}],"about":[{"href":"https:\/\/trendfurniture.ee\/en\/wp-json\/wp\/v2\/types\/product"}],"wp:featuredmedia":[{"embeddable":true,"href":"https:\/\/trendfurniture.ee\/en\/wp-json\/wp\/v2\/media\/30337"}],"wp:attachment":[{"href":"https:\/\/trendfurniture.ee\/en\/wp-json\/wp\/v2\/media?parent=30336"}],"wp:term":[{"taxonomy":"product_brand","embeddable":true,"href":"https:\/\/trendfurniture.ee\/en\/wp-json\/wp\/v2\/product_brand?post=30336"},{"taxonomy":"product_cat","embeddable":true,"href":"https:\/\/trendfurniture.ee\/en\/wp-json\/wp\/v2\/product_cat?post=30336"},{"taxonomy":"product_tag","embeddable":true,"href":"https:\/\/trendfurniture.ee\/en\/wp-json\/wp\/v2\/product_tag?post=30336"}],"curies":[{"name":"wp","href":"https:\/\/api.w.org\/{rel}","templated":true}]}}